{"id":149670,"date":"2022-07-07T00:55:56","date_gmt":"2022-07-06T22:55:56","guid":{"rendered":"https:\/\/www.raxxa.com\/shop\/mallorca-ausblick-in-arta\/"},"modified":"2022-07-07T00:56:36","modified_gmt":"2022-07-06T22:56:36","slug":"mallorca-ausblick-in-arta","status":"publish","type":"product","link":"https:\/\/www.raxxa.com\/it\/shop\/mallorca-ausblick-in-arta\/","title":{"rendered":"Maiorca - Vista su Art\u00e0"},"content":{"rendered":"<p style=\"margin-right: 0px;margin-bottom: 1em;margin-left: 0px;line-height: 1.4285em;, sans-serif\"><span style=\"font-weight: bolder\">\"Maiorca - Vista ad Art\u00e0\" di Ralf Lehmann<\/span><\/p>\n<p style=\"margin-right: 0px;margin-bottom: 1em;margin-left: 0px;line-height: 1.4285em;, sans-serif\"><span><\/span><\/p>\n<p style=\"margin-right: 0px;margin-bottom: 1em;margin-left: 0px;line-height: 1.4285em;, sans-serif\"><span>Maiorca - Vista dal Santuari de Sant Salvador ad Art\u00e0 in direzione nord-ovest, ampio paesaggio con prati, campi, alberi, colline e una catena montuosa sullo sfondo, molti dettagli, tempo soleggiato con nuvole leggere, ombre di nuvole - Localit\u00e0: Spagna, Isola di Maiorca, Art\u00e0, Santuario Sant Salvador<\/span><\/p>\n<p style=\"margin-right: 0px;margin-bottom: 1em;margin-left: 0px;line-height: 1.4285em;, sans-serif\">Poster di qualit\u00e0 museale su carta d'archivio resistente e opaca (non patinata).<\/p>\n<p style=\"margin-right: 0px;margin-bottom: 1em;margin-left: 0px;line-height: 1.4285em;, sans-serif\">- Peso della carta: 250 g \/ m\u00b2<\/p>\n<p style=\"margin-right: 0px;margin-bottom: 1em;margin-left: 0px;line-height: 1.4285em;, sans-serif\">- Spedito in un imballaggio robusto per proteggere il poster<\/p>\n<p>mallorca art\u00e0 arta santuari sant salvador prati campi alberi colline montagne paese collinare popolato case giardini pittoresco localit\u00e0 idilliaca soleggiata luce nuvole ombre viaggio mallorca viaggio destinazione dettagli punto di vista vista lontano panorama verde primavera serres de montagne dell'est isole baleari islas baleares baleari mediterraneo spagna vacanza isola llevant spagna levante testo spazio libero<\/p>","protected":false},"excerpt":{"rendered":"<p>&#8222;Mallorca &#8211; Ausblick in Art\u00e0&#8220; by Ralf Lehmann Mallorca &#8211; Ausblick von der Santuari de Sant Salvador in Art\u00e0 in Richtung Nordwesten, weite Landschaft mit Wiesen, Feldern, B\u00e4umen, H\u00fcgeln und einer Bergkette im Hintergrund, viele Details, sonniges Wetter mit leichter Bew\u00f6lkung, Wolkenschatten &#8211; Location: Spanien, Insel Mallorca, Art\u00e0, Wallfahrtskirche Sant Salvador Poster in Museumsqualit\u00e4t auf [&hellip;]<\/p>\n","protected":false},"featured_media":149660,"comment_status":"open","ping_status":"closed","template":"","meta":[],"product_brand":[],"product_cat":[10351,136],"product_tag":[8619,8074,9626,9734,7375,8871,7765,8720,7961,7917,8099,7772,9689],"class_list":{"0":"post-149670","1":"product","2":"type-product","3":"status-publish","4":"has-post-thumbnail","6":"product_cat-ralf-lehmann","7":"product_cat-natur","8":"product_tag-ausblick","9":"product_tag-baeume","10":"product_tag-des","11":"product_tag-fruehling","12":"product_tag-gruen","13":"product_tag-haeuser","14":"product_tag-huegel","15":"product_tag-idyllisch","16":"product_tag-malerisch","17":"product_tag-panorama","18":"product_tag-reise-2","19":"product_tag-sonnig","20":"product_tag-wiesen","22":"first","23":"instock","24":"taxable","25":"shipping-taxable","26":"purchasable","27":"product-type-variable"},"yoast_head":"<!-- This site is optimized with the Yoast SEO Premium plugin v27.4 (Yoast SEO v27.4) - https:\/\/yoast.com\/product\/yoast-seo-premium-wordpress\/ -->\n<title>Mallorca - Ausblick in Art\u00e0 - raxxa<\/title>\n<meta name=\"robots\" content=\"index, follow, max-snippet:-1, max-image-preview:large, max-video-preview:-1\" \/>\n<link rel=\"canonical\" href=\"https:\/\/www.raxxa.com\/it\/shop\/mallorca-ausblick-in-arta\/\" \/>\n<meta property=\"og:locale\" content=\"it_IT\" \/>\n<meta property=\"og:type\" content=\"article\" \/>\n<meta property=\"og:title\" content=\"Mallorca - Ausblick in Art\u00e0\" \/>\n<meta property=\"og:description\" content=\"&#8222;Mallorca &#8211; Ausblick in Art\u00e0&#8220; by Ralf Lehmann Mallorca &#8211; Ausblick von der Santuari de Sant Salvador in Art\u00e0 in Richtung Nordwesten, weite Landschaft mit Wiesen, Feldern, B\u00e4umen, H\u00fcgeln und einer Bergkette im Hintergrund, viele Details, sonniges Wetter mit leichter Bew\u00f6lkung, Wolkenschatten &#8211; Location: Spanien, Insel Mallorca, Art\u00e0, Wallfahrtskirche Sant Salvador Poster in Museumsqualit\u00e4t auf [&hellip;]\" \/>\n<meta property=\"og:url\" content=\"https:\/\/www.raxxa.com\/it\/shop\/mallorca-ausblick-in-arta\/\" \/>\n<meta property=\"og:site_name\" content=\"raxxa\" \/>\n<meta property=\"article:publisher\" content=\"https:\/\/facebook.com\/raxxacom\" \/>\n<meta property=\"article:modified_time\" content=\"2022-07-06T22:56:36+00:00\" \/>\n<meta property=\"og:image\" content=\"https:\/\/www.raxxa.com\/wp-content\/uploads\/2022\/07\/218-3223-Mallorca-Ausblick-in-Arta-Ralf-Lehmann.png\" \/>\n\t<meta property=\"og:image:width\" content=\"800\" \/>\n\t<meta property=\"og:image:height\" content=\"800\" \/>\n\t<meta property=\"og:image:type\" content=\"image\/png\" \/>\n<meta name=\"twitter:card\" content=\"summary_large_image\" \/>\n<meta name=\"twitter:label1\" content=\"Disponibilit\u00e0\" \/>\n\t<meta name=\"twitter:data1\" content=\"In stock\" \/>\n<script type=\"application\/ld+json\" class=\"yoast-schema-graph\">{\"@context\":\"https:\\\/\\\/schema.org\",\"@graph\":[{\"@type\":[\"WebPage\",\"ItemPage\"],\"@id\":\"https:\\\/\\\/www.raxxa.com\\\/shop\\\/mallorca-ausblick-in-arta\\\/\",\"url\":\"https:\\\/\\\/www.raxxa.com\\\/shop\\\/mallorca-ausblick-in-arta\\\/\",\"name\":\"Mallorca - Ausblick in Art\u00e0 - raxxa\",\"isPartOf\":{\"@id\":\"https:\\\/\\\/www.raxxa.com\\\/#website\"},\"primaryImageOfPage\":{\"@id\":\"https:\\\/\\\/www.raxxa.com\\\/shop\\\/mallorca-ausblick-in-arta\\\/#primaryimage\"},\"image\":{\"@id\":\"https:\\\/\\\/www.raxxa.com\\\/shop\\\/mallorca-ausblick-in-arta\\\/#primaryimage\"},\"thumbnailUrl\":\"https:\\\/\\\/www.raxxa.com\\\/wp-content\\\/uploads\\\/2022\\\/07\\\/218-3223-Mallorca-Ausblick-in-Arta-Ralf-Lehmann.png\",\"datePublished\":\"2022-07-06T22:55:56+00:00\",\"dateModified\":\"2022-07-06T22:56:36+00:00\",\"breadcrumb\":{\"@id\":\"https:\\\/\\\/www.raxxa.com\\\/shop\\\/mallorca-ausblick-in-arta\\\/#breadcrumb\"},\"inLanguage\":\"it-IT\",\"potentialAction\":[{\"@type\":\"ReadAction\",\"target\":[\"https:\\\/\\\/www.raxxa.com\\\/shop\\\/mallorca-ausblick-in-arta\\\/\"]}]},{\"@type\":\"ImageObject\",\"inLanguage\":\"it-IT\",\"@id\":\"https:\\\/\\\/www.raxxa.com\\\/shop\\\/mallorca-ausblick-in-arta\\\/#primaryimage\",\"url\":\"https:\\\/\\\/www.raxxa.com\\\/wp-content\\\/uploads\\\/2022\\\/07\\\/218-3223-Mallorca-Ausblick-in-Arta-Ralf-Lehmann.png\",\"contentUrl\":\"https:\\\/\\\/www.raxxa.com\\\/wp-content\\\/uploads\\\/2022\\\/07\\\/218-3223-Mallorca-Ausblick-in-Arta-Ralf-Lehmann.png\",\"width\":800,\"height\":800},{\"@type\":\"BreadcrumbList\",\"@id\":\"https:\\\/\\\/www.raxxa.com\\\/shop\\\/mallorca-ausblick-in-arta\\\/#breadcrumb\",\"itemListElement\":[{\"@type\":\"ListItem\",\"position\":1,\"name\":\"Startseite\",\"item\":\"https:\\\/\\\/www.raxxa.com\\\/\"},{\"@type\":\"ListItem\",\"position\":2,\"name\":\"Shop\",\"item\":\"https:\\\/\\\/www.raxxa.com\\\/it\\\/shop\\\/\"},{\"@type\":\"ListItem\",\"position\":3,\"name\":\"Mallorca &#8211; Ausblick in Art\u00e0\"}]},{\"@type\":\"WebSite\",\"@id\":\"https:\\\/\\\/www.raxxa.com\\\/#website\",\"url\":\"https:\\\/\\\/www.raxxa.com\\\/\",\"name\":\"raxxa\",\"description\":\"Einzigartige individuelle Produkte von unseren Designern\",\"publisher\":{\"@id\":\"https:\\\/\\\/www.raxxa.com\\\/#organization\"},\"potentialAction\":[{\"@type\":\"SearchAction\",\"target\":{\"@type\":\"EntryPoint\",\"urlTemplate\":\"https:\\\/\\\/www.raxxa.com\\\/?s={search_term_string}\"},\"query-input\":{\"@type\":\"PropertyValueSpecification\",\"valueRequired\":true,\"valueName\":\"search_term_string\"}}],\"inLanguage\":\"it-IT\"},{\"@type\":\"Organization\",\"@id\":\"https:\\\/\\\/www.raxxa.com\\\/#organization\",\"name\":\"raxxa\",\"url\":\"https:\\\/\\\/www.raxxa.com\\\/\",\"logo\":{\"@type\":\"ImageObject\",\"inLanguage\":\"it-IT\",\"@id\":\"https:\\\/\\\/www.raxxa.com\\\/#\\\/schema\\\/logo\\\/image\\\/\",\"url\":\"https:\\\/\\\/www.raxxa.com\\\/wp-content\\\/uploads\\\/2022\\\/07\\\/logo_v2.png\",\"contentUrl\":\"https:\\\/\\\/www.raxxa.com\\\/wp-content\\\/uploads\\\/2022\\\/07\\\/logo_v2.png\",\"width\":380,\"height\":382,\"caption\":\"raxxa\"},\"image\":{\"@id\":\"https:\\\/\\\/www.raxxa.com\\\/#\\\/schema\\\/logo\\\/image\\\/\"},\"sameAs\":[\"https:\\\/\\\/facebook.com\\\/raxxacom\"]}]}<\/script>\n<meta property=\"og:availability\" content=\"instock\" \/>\n<meta property=\"product:availability\" content=\"instock\" \/>\n<meta property=\"product:condition\" content=\"new\" \/>\n<!-- \/ Yoast SEO Premium plugin. -->","yoast_head_json":{"title":"Mallorca - Vista su Art\u00e0 - raxxa","robots":{"index":"index","follow":"follow","max-snippet":"max-snippet:-1","max-image-preview":"max-image-preview:large","max-video-preview":"max-video-preview:-1"},"canonical":"https:\/\/www.raxxa.com\/it\/shop\/mallorca-ausblick-in-arta\/","og_locale":"it_IT","og_type":"article","og_title":"Mallorca - Ausblick in Art\u00e0","og_description":"&#8222;Mallorca &#8211; Ausblick in Art\u00e0&#8220; by Ralf Lehmann Mallorca &#8211; Ausblick von der Santuari de Sant Salvador in Art\u00e0 in Richtung Nordwesten, weite Landschaft mit Wiesen, Feldern, B\u00e4umen, H\u00fcgeln und einer Bergkette im Hintergrund, viele Details, sonniges Wetter mit leichter Bew\u00f6lkung, Wolkenschatten &#8211; Location: Spanien, Insel Mallorca, Art\u00e0, Wallfahrtskirche Sant Salvador Poster in Museumsqualit\u00e4t auf [&hellip;]","og_url":"https:\/\/www.raxxa.com\/it\/shop\/mallorca-ausblick-in-arta\/","og_site_name":"raxxa","article_publisher":"https:\/\/facebook.com\/raxxacom","article_modified_time":"2022-07-06T22:56:36+00:00","og_image":[{"width":800,"height":800,"url":"https:\/\/www.raxxa.com\/wp-content\/uploads\/2022\/07\/218-3223-Mallorca-Ausblick-in-Arta-Ralf-Lehmann.png","type":"image\/png"}],"twitter_card":"summary_large_image","twitter_misc":{"Disponibilit\u00e0":"In stock"},"schema":{"@context":"https:\/\/schema.org","@graph":[{"@type":["WebPage","ItemPage"],"@id":"https:\/\/www.raxxa.com\/shop\/mallorca-ausblick-in-arta\/","url":"https:\/\/www.raxxa.com\/shop\/mallorca-ausblick-in-arta\/","name":"Mallorca - Vista su Art\u00e0 - raxxa","isPartOf":{"@id":"https:\/\/www.raxxa.com\/#website"},"primaryImageOfPage":{"@id":"https:\/\/www.raxxa.com\/shop\/mallorca-ausblick-in-arta\/#primaryimage"},"image":{"@id":"https:\/\/www.raxxa.com\/shop\/mallorca-ausblick-in-arta\/#primaryimage"},"thumbnailUrl":"https:\/\/www.raxxa.com\/wp-content\/uploads\/2022\/07\/218-3223-Mallorca-Ausblick-in-Arta-Ralf-Lehmann.png","datePublished":"2022-07-06T22:55:56+00:00","dateModified":"2022-07-06T22:56:36+00:00","breadcrumb":{"@id":"https:\/\/www.raxxa.com\/shop\/mallorca-ausblick-in-arta\/#breadcrumb"},"inLanguage":"it-IT","potentialAction":[{"@type":"ReadAction","target":["https:\/\/www.raxxa.com\/shop\/mallorca-ausblick-in-arta\/"]}]},{"@type":"ImageObject","inLanguage":"it-IT","@id":"https:\/\/www.raxxa.com\/shop\/mallorca-ausblick-in-arta\/#primaryimage","url":"https:\/\/www.raxxa.com\/wp-content\/uploads\/2022\/07\/218-3223-Mallorca-Ausblick-in-Arta-Ralf-Lehmann.png","contentUrl":"https:\/\/www.raxxa.com\/wp-content\/uploads\/2022\/07\/218-3223-Mallorca-Ausblick-in-Arta-Ralf-Lehmann.png","width":800,"height":800},{"@type":"BreadcrumbList","@id":"https:\/\/www.raxxa.com\/shop\/mallorca-ausblick-in-arta\/#breadcrumb","itemListElement":[{"@type":"ListItem","position":1,"name":"Startseite","item":"https:\/\/www.raxxa.com\/"},{"@type":"ListItem","position":2,"name":"Shop","item":"https:\/\/www.raxxa.com\/it\/shop\/"},{"@type":"ListItem","position":3,"name":"Mallorca &#8211; Ausblick in Art\u00e0"}]},{"@type":"WebSite","@id":"https:\/\/www.raxxa.com\/#website","url":"https:\/\/www.raxxa.com\/","name":"raxxa","description":"Prodotti unici e personalizzati dei nostri designer","publisher":{"@id":"https:\/\/www.raxxa.com\/#organization"},"potentialAction":[{"@type":"SearchAction","target":{"@type":"EntryPoint","urlTemplate":"https:\/\/www.raxxa.com\/?s={search_term_string}"},"query-input":{"@type":"PropertyValueSpecification","valueRequired":true,"valueName":"search_term_string"}}],"inLanguage":"it-IT"},{"@type":"Organization","@id":"https:\/\/www.raxxa.com\/#organization","name":"raxxa","url":"https:\/\/www.raxxa.com\/","logo":{"@type":"ImageObject","inLanguage":"it-IT","@id":"https:\/\/www.raxxa.com\/#\/schema\/logo\/image\/","url":"https:\/\/www.raxxa.com\/wp-content\/uploads\/2022\/07\/logo_v2.png","contentUrl":"https:\/\/www.raxxa.com\/wp-content\/uploads\/2022\/07\/logo_v2.png","width":380,"height":382,"caption":"raxxa"},"image":{"@id":"https:\/\/www.raxxa.com\/#\/schema\/logo\/image\/"},"sameAs":["https:\/\/facebook.com\/raxxacom"]}]},"og_availability":"instock","product_availability":"instock","product_condition":"new"},"jetpack_sharing_enabled":true,"_links":{"self":[{"href":"https:\/\/www.raxxa.com\/it\/wp-json\/wp\/v2\/product\/149670","targetHints":{"allow":["GET"]}}],"collection":[{"href":"https:\/\/www.raxxa.com\/it\/wp-json\/wp\/v2\/product"}],"about":[{"href":"https:\/\/www.raxxa.com\/it\/wp-json\/wp\/v2\/types\/product"}],"replies":[{"embeddable":true,"href":"https:\/\/www.raxxa.com\/it\/wp-json\/wp\/v2\/comments?post=149670"}],"wp:featuredmedia":[{"embeddable":true,"href":"https:\/\/www.raxxa.com\/it\/wp-json\/wp\/v2\/media\/149660"}],"wp:attachment":[{"href":"https:\/\/www.raxxa.com\/it\/wp-json\/wp\/v2\/media?parent=149670"}],"wp:term":[{"taxonomy":"product_brand","embeddable":true,"href":"https:\/\/www.raxxa.com\/it\/wp-json\/wp\/v2\/product_brand?post=149670"},{"taxonomy":"product_cat","embeddable":true,"href":"https:\/\/www.raxxa.com\/it\/wp-json\/wp\/v2\/product_cat?post=149670"},{"taxonomy":"product_tag","embeddable":true,"href":"https:\/\/www.raxxa.com\/it\/wp-json\/wp\/v2\/product_tag?post=149670"}],"curies":[{"name":"wp","href":"https:\/\/api.w.org\/{rel}","templated":true}]}}